{"id":2802,"date":"2020-08-18T16:56:55","date_gmt":"2020-08-18T14:56:55","guid":{"rendered":"http:\/\/hotel-neu.123-insnetz.de\/le-camere"},"modified":"2025-03-13T04:19:22","modified_gmt":"2025-03-13T03:19:22","slug":"le-camere","status":"publish","type":"page","link":"https:\/\/hotel4youth.de\/it\/le-camere","title":{"rendered":"Le camere"},"content":{"rendered":"<p>[et_pb_section fb_built=&#8221;1&#8243; custom_padding_last_edited=&#8221;on|phone&#8221; _builder_version=&#8221;4.4.2&#8243; background_enable_color=&#8221;off&#8221; background_image=&#8221;http:\/\/hotel-neu.123-insnetz.de\/wp-content\/uploads\/2020\/08\/zimmer-scaled.jpg&#8221; custom_padding=&#8221;12rem||12rem||false|false&#8221; custom_padding_tablet=&#8221;10rem||10rem||false|false&#8221; custom_padding_phone=&#8221;8rem||8rem||false|false&#8221; global_colors_info=&#8221;{}&#8221;][\/et_pb_section][et_pb_section fb_built=&#8221;1&#8243; _builder_version=&#8221;4.4.2&#8243; custom_margin=&#8221;||2rem||false|false&#8221; custom_padding=&#8221;0px||0px||false|false&#8221; global_colors_info=&#8221;{}&#8221;][et_pb_row _builder_version=&#8221;4.4.2&#8243; custom_padding=&#8221;0px||0px||false|false&#8221; global_colors_info=&#8221;{}&#8221;][et_pb_column type=&#8221;4_4&#8243; _builder_version=&#8221;4.4.2&#8243; global_colors_info=&#8221;{}&#8221;][et_pb_code _builder_version=&#8221;4.13.0&#8243; text_orientation=&#8221;center&#8221; hover_enabled=&#8221;0&#8243; global_colors_info=&#8221;{}&#8221; transform_styles__hover_enabled=&#8221;on|hover&#8221; transform_scale__hover_enabled=&#8221;on|hover&#8221; transform_translate__hover_enabled=&#8221;on|desktop&#8221; transform_rotate__hover_enabled=&#8221;on|desktop&#8221; transform_skew__hover_enabled=&#8221;on|desktop&#8221; transform_origin__hover_enabled=&#8221;on|desktop&#8221; transform_scale__hover=&#8221;115%|115%&#8221; sticky_enabled=&#8221;0&#8243;]<a class=\"buchen-button-rund\" href=\"https:\/\/www.h-hotels.com\/it\/hplus\/hotels\/hplus-hotel-hvd-4youth-berlin\" target=\"_blank\" rel=\"noopener noreferrer\">Book now<\/a>[\/et_pb_code][\/et_pb_column][\/et_pb_row][\/et_pb_section][et_pb_section fb_built=&#8221;1&#8243; _builder_version=&#8221;4.4.2&#8243; custom_margin=&#8221;||||false|false&#8221; custom_margin_tablet=&#8221;-2rem||||false|false&#8221; custom_margin_phone=&#8221;&#8221; custom_margin_last_edited=&#8221;on|tablet&#8221; custom_padding=&#8221;0px||0px||false|false&#8221; global_colors_info=&#8221;{}&#8221;][et_pb_row _builder_version=&#8221;4.4.2&#8243; custom_padding=&#8221;||0px||false|false&#8221; global_colors_info=&#8221;{}&#8221;][et_pb_column type=&#8221;4_4&#8243; _builder_version=&#8221;4.4.2&#8243; global_colors_info=&#8221;{}&#8221;][et_pb_text _builder_version=&#8221;4.4.2&#8243; header_text_align=&#8221;center&#8221; header_line_height=&#8221;1.2em&#8221; custom_margin_tablet=&#8221;||0px||false|false&#8221; custom_margin_phone=&#8221;&#8221; custom_margin_last_edited=&#8221;on|tablet&#8221; header_font_size_tablet=&#8221;40px&#8221; header_font_size_phone=&#8221;28px&#8221; header_font_size_last_edited=&#8221;on|phone&#8221; global_colors_info=&#8221;{}&#8221;]<\/p>\n<h1>Le camere e le attrezzature<\/h1>\n<p>[\/et_pb_text][et_pb_divider color=&#8221;#615D56&#8243; divider_weight=&#8221;5px&#8221; _builder_version=&#8221;4.4.2&#8243; width=&#8221;100px&#8221; module_alignment=&#8221;center&#8221; custom_padding=&#8221;2rem||2rem||false|false&#8221; custom_padding_tablet=&#8221;1rem||1rem||false|false&#8221; custom_padding_phone=&#8221;&#8221; custom_padding_last_edited=&#8221;on|phone&#8221; global_colors_info=&#8221;{}&#8221;][\/et_pb_divider][\/et_pb_column][\/et_pb_row][\/et_pb_section][et_pb_section fb_built=&#8221;1&#8243; custom_padding_last_edited=&#8221;on|phone&#8221; _builder_version=&#8221;4.4.2&#8243; background_color=&#8221;rgba(97,93,86,0.1)&#8221; custom_padding=&#8221;2rem||8rem||false|false&#8221; custom_padding_tablet=&#8221;||2rem||false|false&#8221; custom_padding_phone=&#8221;1rem||1rem||false|false&#8221; global_colors_info=&#8221;{}&#8221;][et_pb_row column_structure=&#8221;2_3,1_3&#8243; use_custom_gutter=&#8221;on&#8221; gutter_width=&#8221;4&#8243; _builder_version=&#8221;4.4.2&#8243; custom_padding=&#8221;||0px||false|false&#8221; global_colors_info=&#8221;{}&#8221;][et_pb_column type=&#8221;2_3&#8243; _builder_version=&#8221;4.4.2&#8243; global_colors_info=&#8221;{}&#8221;][et_pb_text _builder_version=&#8221;4.4.2&#8243; header_2_text_color=&#8221;#76B72A&#8221; header_2_font_size=&#8221;28px&#8221; custom_margin=&#8221;||1rem||false|false&#8221; custom_padding=&#8221;||||false|false&#8221; header_2_font_size_tablet=&#8221;26px&#8221; header_2_font_size_phone=&#8221;22px&#8221; header_2_font_size_last_edited=&#8221;on|phone&#8221; global_colors_info=&#8221;{}&#8221;]<\/p>\n<h2>di design combinato con funzionalit\u00e0<\/h2>\n<p>[\/et_pb_text][et_pb_text _builder_version=&#8221;4.4.2&#8243; text_font_size_tablet=&#8221;&#8221; text_font_size_phone=&#8221;14px&#8221; text_font_size_last_edited=&#8221;on|phone&#8221; global_colors_info=&#8221;{}&#8221;]Il concetto di interior design si rispecchia nella Berlino moderna ,rispettando le caratteristiche dell&#8217;habitat locale. La decorazione degli spazi come dalla hall \u00e8 composta dall&#8217;alternanza della fotografia moderna in sintonia con la prestigiosa arte antica tedesca.<\/p>\n<p><strong>Non solo la posizione \u00e8 l&#8217;unica ragione per avere a Berlino un soggiorno eccellente\u2026\u2026.<\/strong><\/p>\n<p>\u2026\u2026 ma anche le ampie camere con vista panoramica, che offrono una visuale mozzafiato di Berlino. Il nostri interni sono accoglienti ,con bagni spaziosi e confortevoli.<\/p>\n<p>Abbiamo pensato proprio a tutto per rendere la vostra permanenza comoda e soddisfacente.Sceglici e non te ne pentirai!!![\/et_pb_text][et_pb_divider color=&#8221;#76B72A&#8221; divider_style=&#8221;dotted&#8221; divider_weight=&#8221;2px&#8221; _builder_version=&#8221;4.4.2&#8243; custom_margin=&#8221;4rem||1rem||false|false&#8221; custom_padding=&#8221;||||false|false&#8221; global_colors_info=&#8221;{}&#8221;][\/et_pb_divider][et_pb_text _builder_version=&#8221;4.4.2&#8243; header_2_text_color=&#8221;#76B72A&#8221; header_2_font_size=&#8221;28px&#8221; custom_margin=&#8221;||1rem||false|false&#8221; custom_padding=&#8221;||||false|false&#8221; header_2_font_size_tablet=&#8221;26px&#8221; header_2_font_size_phone=&#8221;22px&#8221; header_2_font_size_last_edited=&#8221;on|phone&#8221; locked=&#8221;off&#8221; global_colors_info=&#8221;{}&#8221;]<\/p>\n<h2>Unsere Standard-Zimmer<\/h2>\n<p>[\/et_pb_text][et_pb_text _builder_version=&#8221;4.4.2&#8243; custom_margin=&#8221;||0px||false|false&#8221; custom_padding=&#8221;||||false|false&#8221; text_font_size_tablet=&#8221;&#8221; text_font_size_phone=&#8221;14px&#8221; text_font_size_last_edited=&#8221;on|phone&#8221; global_colors_info=&#8221;{}&#8221;]<\/p>\n<p>Bei Anreise stellen wir Ihnen eine Flasche Wasser zur Verf\u00fcgung. <br \/>Unsere B\u00e4der verf\u00fcgen \u00fcber eine Dusche oder Badewanne-Duschkombination und sind mit einem F\u00f6n und Duschgel und Shampoo ausgestattet.<\/p>\n<p>[\/et_pb_text][\/et_pb_column][et_pb_column type=&#8221;1_3&#8243; _builder_version=&#8221;4.4.2&#8243; global_colors_info=&#8221;{}&#8221;][et_pb_image src=&#8221;http:\/\/hotel-neu.123-insnetz.de\/wp-content\/uploads\/2020\/07\/h-hotel-symbol.png&#8221; align=&#8221;center&#8221; module_class=&#8221;icon-hotel-allgemein sidebar&#8221; _builder_version=&#8221;4.4.2&#8243; background_enable_color=&#8221;off&#8221; background_enable_image=&#8221;off&#8221; width=&#8221;60px&#8221; custom_margin=&#8221;||0px||false|false&#8221; custom_css_main_element=&#8221;z-index: 99999;&#8221; border_radii=&#8221;on|80px|80px|80px|80px&#8221; border_color_all=&#8221;rgba(0,0,0,0)&#8221; locked=&#8221;off&#8221; global_colors_info=&#8221;{}&#8221;][\/et_pb_image][et_pb_cta title=&#8221;Gallery&#8221; button_url=&#8221;#&#8221; button_text=&#8221;More&#8221; module_class=&#8221;infokasten-sidebar&#8221; _builder_version=&#8221;4.4.2&#8243; header_level=&#8221;h5&#8243; header_font_size=&#8221;20px&#8221; background_color=&#8221;#76B72A&#8221; custom_button=&#8221;on&#8221; button_text_color=&#8221;#ffffff&#8221; button_bg_color=&#8221;rgba(0,0,0,0)&#8221; button_use_icon=&#8221;off&#8221; button_custom_padding=&#8221;1rem|1rem|1rem|1rem|true|true&#8221; custom_margin=&#8221;-30px||||false|false&#8221; custom_padding=&#8221;3rem|2rem|2rem|2rem|false|false&#8221; header_font_size_tablet=&#8221;18px&#8221; header_font_size_phone=&#8221;&#8221; header_font_size_last_edited=&#8221;on|phone&#8221; body_font_size_tablet=&#8221;&#8221; body_font_size_phone=&#8221;14px&#8221; body_font_size_last_edited=&#8221;on|phone&#8221; button_text_size_tablet=&#8221;&#8221; button_text_size_phone=&#8221;14px&#8221; button_text_size_last_edited=&#8221;on|phone&#8221; global_colors_info=&#8221;{}&#8221; button_text__hover_enabled=&#8221;on|desktop&#8221; button_bg_color__hover_enabled=&#8221;on|hover&#8221; button_bg_color__hover=&#8221;#ffffff&#8221; button_bg_enable_color__hover=&#8221;on&#8221; button_text_color__hover_enabled=&#8221;on|hover&#8221; button_text_color__hover=&#8221;#76B72A&#8221; button_border_color__hover_enabled=&#8221;on|hover&#8221; button_border_color__hover=&#8221;#ffffff&#8221; body_font_size__hover_enabled=&#8221;off|desktop&#8221; button_text__hover=&#8221;More&#8221;]Have a look in our galleriy.[\/et_pb_cta][et_pb_image src=&#8221;http:\/\/hotel-neu.123-insnetz.de\/wp-content\/uploads\/2020\/07\/h-hotel-symbol.png&#8221; align=&#8221;center&#8221; module_class=&#8221;icon-hotel-allgemein sidebar&#8221; _builder_version=&#8221;4.4.2&#8243; background_enable_color=&#8221;off&#8221; background_enable_image=&#8221;off&#8221; width=&#8221;60px&#8221; custom_margin=&#8221;||0px||false|false&#8221; custom_css_main_element=&#8221;z-index: 99999;&#8221; border_radii=&#8221;on|80px|80px|80px|80px&#8221; border_color_all=&#8221;rgba(0,0,0,0)&#8221; locked=&#8221;off&#8221; global_colors_info=&#8221;{}&#8221;][\/et_pb_image][et_pb_cta title=&#8221;Come ci trovate&#8221; button_text=&#8221;More&#8221; module_class=&#8221;infokasten-sidebar&#8221; _builder_version=&#8221;4.4.2&#8243; header_level=&#8221;h5&#8243; header_font_size=&#8221;20px&#8221; background_color=&#8221;#CF043F&#8221; custom_button=&#8221;on&#8221; button_text_color=&#8221;#ffffff&#8221; button_bg_color=&#8221;rgba(0,0,0,0)&#8221; button_use_icon=&#8221;off&#8221; button_custom_padding=&#8221;1rem|1rem|1rem|1rem|true|true&#8221; custom_margin=&#8221;-30px||||false|false&#8221; custom_padding=&#8221;3rem|2rem|2rem|2rem|false|false&#8221; header_font_size_tablet=&#8221;18px&#8221; header_font_size_phone=&#8221;&#8221; header_font_size_last_edited=&#8221;on|phone&#8221; body_font_size_tablet=&#8221;&#8221; body_font_size_phone=&#8221;14px&#8221; body_font_size_last_edited=&#8221;on|phone&#8221; button_text_size_tablet=&#8221;&#8221; button_text_size_phone=&#8221;14px&#8221; button_text_size_last_edited=&#8221;on|phone&#8221; saved_tabs=&#8221;all&#8221; global_colors_info=&#8221;{}&#8221; button_text__hover_enabled=&#8221;on|desktop&#8221; button_bg_color__hover_enabled=&#8221;on|hover&#8221; button_bg_color__hover=&#8221;#ffffff&#8221; button_bg_enable_color__hover=&#8221;on&#8221; button_text_color__hover_enabled=&#8221;on|hover&#8221; button_text_color__hover=&#8221;#76B72A&#8221; button_border_color__hover_enabled=&#8221;on|hover&#8221; button_border_color__hover=&#8221;#ffffff&#8221; body_font_size__hover_enabled=&#8221;off|desktop&#8221; button_text__hover=&#8221;More&#8221;]<\/p>\n<p>Das H+ Hotel 4Youth Berlin Mitte befindet sich ca. 400 m vom U-Bhf. Bernauer Stra\u00dfe (U8) und direkt gegen\u00fcber der Tramhaltestelle Wolliner Stra\u00dfe (M10). Zum U-Bhf. Eberswalder Stra\u00dfe (U2) sind es ca. 700 m.<\/p>\n<p>[\/et_pb_cta][\/et_pb_column][\/et_pb_row][et_pb_row column_structure=&#8221;1_4,1_4,1_4,1_4&#8243; _builder_version=&#8221;4.4.2&#8243; global_colors_info=&#8221;{}&#8221;][et_pb_column type=&#8221;1_4&#8243; _builder_version=&#8221;4.4.2&#8243; global_colors_info=&#8221;{}&#8221;][et_pb_text _builder_version=&#8221;4.4.2&#8243; header_2_text_color=&#8221;#76b72a&#8221; global_colors_info=&#8221;{}&#8221;]<\/p>\n<h2>Standard Zweibettzimmer<\/h2>\n<p>[\/et_pb_text][et_pb_image src=&#8221;http:\/\/hotel-neu.123-insnetz.de\/wp-content\/uploads\/2020\/10\/standard-zimmer.jpg&#8221; show_in_lightbox=&#8221;on&#8221; _builder_version=&#8221;4.4.2&#8243; global_colors_info=&#8221;{}&#8221;][\/et_pb_image][\/et_pb_column][et_pb_column type=&#8221;1_4&#8243; _builder_version=&#8221;4.4.2&#8243; global_colors_info=&#8221;{}&#8221;][et_pb_text _builder_version=&#8221;4.4.2&#8243; header_2_text_color=&#8221;#76b72a&#8221; global_colors_info=&#8221;{}&#8221;]<\/p>\n<h2>Standard Familienzimmer<\/h2>\n<p>[\/et_pb_text][et_pb_image src=&#8221;http:\/\/hotel-neu.123-insnetz.de\/wp-content\/uploads\/2020\/10\/standard-familienzimmer.jpg&#8221; show_in_lightbox=&#8221;on&#8221; _builder_version=&#8221;4.4.2&#8243; global_colors_info=&#8221;{}&#8221;][\/et_pb_image][\/et_pb_column][et_pb_column type=&#8221;1_4&#8243; _builder_version=&#8221;4.4.2&#8243; global_colors_info=&#8221;{}&#8221;][et_pb_text _builder_version=&#8221;4.4.2&#8243; header_2_text_color=&#8221;#76b72a&#8221; global_colors_info=&#8221;{}&#8221;]<\/p>\n<h2>Standard Doppelzimmer<\/h2>\n<p>[\/et_pb_text][et_pb_image src=&#8221;http:\/\/hotel-neu.123-insnetz.de\/wp-content\/uploads\/2020\/10\/standard-doppelzimmer.jpg&#8221; show_in_lightbox=&#8221;on&#8221; _builder_version=&#8221;4.4.2&#8243; global_colors_info=&#8221;{}&#8221;][\/et_pb_image][\/et_pb_column][et_pb_column type=&#8221;1_4&#8243; _builder_version=&#8221;4.4.2&#8243; global_colors_info=&#8221;{}&#8221;][et_pb_text _builder_version=&#8221;4.4.2&#8243; header_2_text_color=&#8221;#76b72a&#8221; global_colors_info=&#8221;{}&#8221;]<\/p>\n<h2>Standard Dreibettzimmer<\/h2>\n<p>[\/et_pb_text][et_pb_image src=&#8221;http:\/\/hotel-neu.123-insnetz.de\/wp-content\/uploads\/2020\/10\/standard-dreibettzimmer.jpg&#8221; show_in_lightbox=&#8221;on&#8221; _builder_version=&#8221;4.4.2&#8243; global_colors_info=&#8221;{}&#8221;][\/et_pb_image][\/et_pb_column][\/et_pb_row][et_pb_row _builder_version=&#8221;4.4.2&#8243; global_colors_info=&#8221;{}&#8221;][et_pb_column type=&#8221;4_4&#8243; _builder_version=&#8221;4.4.2&#8243; global_colors_info=&#8221;{}&#8221;][et_pb_divider color=&#8221;#76B72A&#8221; divider_style=&#8221;dotted&#8221; divider_weight=&#8221;2px&#8221; _builder_version=&#8221;4.4.2&#8243; custom_margin=&#8221;4rem||1rem||false|false&#8221; custom_padding=&#8221;||||false|false&#8221; global_colors_info=&#8221;{}&#8221;][\/et_pb_divider][et_pb_text _builder_version=&#8221;4.4.2&#8243; header_2_text_color=&#8221;#76B72A&#8221; header_2_font_size=&#8221;28px&#8221; custom_margin=&#8221;||1rem||false|false&#8221; custom_padding=&#8221;||||false|false&#8221; header_2_font_size_tablet=&#8221;26px&#8221; header_2_font_size_phone=&#8221;22px&#8221; header_2_font_size_last_edited=&#8221;on|phone&#8221; locked=&#8221;off&#8221; global_colors_info=&#8221;{}&#8221;]<\/p>\n<h2>Unsere Comfort-Zimmer<\/h2>\n<p>[\/et_pb_text][et_pb_text _builder_version=&#8221;4.4.2&#8243; global_colors_info=&#8221;{}&#8221;]<\/p>\n<p>Bei Anreise stellen wir Ihnen eine Flasche Wasser zur Verf\u00fcgung. Zus\u00e4tzlich befindet sich eine Kaffee- und Teestation in den Comfort-Zimmern.<br \/>In jedem unserer Comfort-Zimmern befindet sich ein Save \/ Schlie\u00dffach.<br \/> Unsere B\u00e4der verf\u00fcgen \u00fcber eine Dusche oder Badewanne-Duschkombination und sind mit einem F\u00f6n und Duschgel und Shampoo ausgestattet.<\/p>\n<p>[\/et_pb_text][\/et_pb_column][\/et_pb_row][et_pb_row column_structure=&#8221;1_3,1_3,1_3&#8243; _builder_version=&#8221;4.4.2&#8243; global_colors_info=&#8221;{}&#8221;][et_pb_column type=&#8221;1_3&#8243; _builder_version=&#8221;4.4.2&#8243; global_colors_info=&#8221;{}&#8221;][et_pb_text _builder_version=&#8221;4.4.2&#8243; header_2_text_color=&#8221;#76b72a&#8221; global_colors_info=&#8221;{}&#8221;]<\/p>\n<h2>Comfort Doppelzimmer<\/h2>\n<p>[\/et_pb_text][et_pb_image src=&#8221;http:\/\/hotel-neu.123-insnetz.de\/wp-content\/uploads\/2020\/10\/comfort-doppelzimmer.jpg&#8221; show_in_lightbox=&#8221;on&#8221; _builder_version=&#8221;4.4.2&#8243; global_colors_info=&#8221;{}&#8221;][\/et_pb_image][\/et_pb_column][et_pb_column type=&#8221;1_3&#8243; _builder_version=&#8221;4.4.2&#8243; global_colors_info=&#8221;{}&#8221;][et_pb_text _builder_version=&#8221;4.4.2&#8243; header_2_text_color=&#8221;#76b72a&#8221; global_colors_info=&#8221;{}&#8221;]<\/p>\n<h2>Comfort Familienzimmer<\/h2>\n<p>[\/et_pb_text][et_pb_image src=&#8221;http:\/\/hotel-neu.123-insnetz.de\/wp-content\/uploads\/2020\/10\/comfort-familienzimmer.jpg&#8221; show_in_lightbox=&#8221;on&#8221; _builder_version=&#8221;4.4.2&#8243; global_colors_info=&#8221;{}&#8221;][\/et_pb_image][\/et_pb_column][et_pb_column type=&#8221;1_3&#8243; _builder_version=&#8221;4.4.2&#8243; global_colors_info=&#8221;{}&#8221;][et_pb_text _builder_version=&#8221;4.4.2&#8243; header_2_text_color=&#8221;#76b72a&#8221; global_colors_info=&#8221;{}&#8221;]<\/p>\n<h2>Comfort Dreibettzimmer<\/h2>\n<p>[\/et_pb_text][et_pb_image src=&#8221;http:\/\/hotel-neu.123-insnetz.de\/wp-content\/uploads\/2020\/10\/comfort-dreibettzimmer.jpg&#8221; show_in_lightbox=&#8221;on&#8221; _builder_version=&#8221;4.4.2&#8243; global_colors_info=&#8221;{}&#8221;][\/et_pb_image][\/et_pb_column][\/et_pb_row][\/et_pb_section][et_pb_section fb_built=&#8221;1&#8243; _builder_version=&#8221;4.4.2&#8243; background_color=&#8221;rgba(97,93,86,0.1)&#8221; custom_margin=&#8221;||2rem||false|false&#8221; custom_padding=&#8221;0px||0px||false|false&#8221; border_width_bottom=&#8221;5px&#8221; border_color_bottom=&#8221;#615D56&#8243; global_colors_info=&#8221;{}&#8221;][et_pb_row custom_padding_last_edited=&#8221;on|phone&#8221; _builder_version=&#8221;4.4.2&#8243; background_image=&#8221;http:\/\/hotel-neu.123-insnetz.de\/wp-content\/uploads\/\/2020\/07\/berlin-silhouette.svg&#8221; background_size=&#8221;contain&#8221; background_position=&#8221;bottom_center&#8221; custom_padding=&#8221;5rem||5rem||false|false&#8221; custom_padding_tablet=&#8221;||1rem||false|false&#8221; custom_padding_phone=&#8221;5rem||||false|false&#8221; global_colors_info=&#8221;{}&#8221;][et_pb_column type=&#8221;4_4&#8243; _builder_version=&#8221;4.4.2&#8243; global_colors_info=&#8221;{}&#8221;][\/et_pb_column][\/et_pb_row][\/et_pb_section]<\/p>\n","protected":false},"excerpt":{"rendered":"<p>Le camere e le attrezzaturedi design combinato con funzionalit\u00e0Il concetto di interior design si rispecchia nella Berlino moderna ,rispettando le caratteristiche dell&#8217;habitat locale. La decorazione degli spazi come dalla hall \u00e8 composta dall&#8217;alternanza della fotografia moderna in sintonia con la prestigiosa arte antica tedesca. Non solo la posizione \u00e8 l&#8217;unica ragione per avere a Berlino [&hellip;]<\/p>\n","protected":false},"author":2,"featured_media":0,"parent":0,"menu_order":0,"comment_status":"closed","ping_status":"closed","template":"","meta":{"_et_pb_use_builder":"on","_et_pb_old_content":"","_et_gb_content_width":"","footnotes":""},"class_list":["post-2802","page","type-page","status-publish","hentry"],"yoast_head":"<!-- This site is optimized with the Yoast SEO plugin v26.9 - https:\/\/yoast.com\/product\/yoast-seo-wordpress\/ -->\n<title>Le camere - Hotel - H+ Hotel4 Youth Berlin - Am Mauerpark - Berlin Mitte<\/title>\n<meta name=\"robots\" content=\"index, follow, max-snippet:-1, max-image-preview:large, max-video-preview:-1\" \/>\n<link rel=\"canonical\" href=\"https:\/\/hotel4youth.de\/it\/le-camere\" \/>\n<meta property=\"og:locale\" content=\"it_IT\" \/>\n<meta property=\"og:type\" content=\"article\" \/>\n<meta property=\"og:title\" content=\"Le camere - Hotel - H+ Hotel4 Youth Berlin - Am Mauerpark - Berlin Mitte\" \/>\n<meta property=\"og:description\" content=\"Le camere e le attrezzaturedi design combinato con funzionalit\u00e0Il concetto di interior design si rispecchia nella Berlino moderna ,rispettando le caratteristiche dell&#039;habitat locale. La decorazione degli spazi come dalla hall \u00e8 composta dall&#039;alternanza della fotografia moderna in sintonia con la prestigiosa arte antica tedesca. Non solo la posizione \u00e8 l&#039;unica ragione per avere a Berlino [&hellip;]\" \/>\n<meta property=\"og:url\" content=\"https:\/\/hotel4youth.de\/it\/le-camere\" \/>\n<meta property=\"og:site_name\" content=\"Hotel - H+ Hotel4 Youth Berlin - Am Mauerpark - Berlin Mitte\" \/>\n<meta property=\"article:modified_time\" content=\"2025-03-13T03:19:22+00:00\" \/>\n<meta name=\"twitter:card\" content=\"summary_large_image\" \/>\n<meta name=\"twitter:label1\" content=\"Tempo di lettura stimato\" \/>\n\t<meta name=\"twitter:data1\" content=\"10 minuti\" \/>\n<script type=\"application\/ld+json\" class=\"yoast-schema-graph\">{\"@context\":\"https:\/\/schema.org\",\"@graph\":[{\"@type\":\"WebPage\",\"@id\":\"https:\/\/hotel4youth.de\/it\/le-camere\",\"url\":\"https:\/\/hotel4youth.de\/it\/le-camere\",\"name\":\"Le camere - Hotel - H+ Hotel4 Youth Berlin - Am Mauerpark - Berlin Mitte\",\"isPartOf\":{\"@id\":\"https:\/\/hotel4youth.de\/#website\"},\"datePublished\":\"2020-08-18T14:56:55+00:00\",\"dateModified\":\"2025-03-13T03:19:22+00:00\",\"breadcrumb\":{\"@id\":\"https:\/\/hotel4youth.de\/it\/le-camere#breadcrumb\"},\"inLanguage\":\"it-IT\",\"potentialAction\":[{\"@type\":\"ReadAction\",\"target\":[\"https:\/\/hotel4youth.de\/it\/le-camere\"]}]},{\"@type\":\"BreadcrumbList\",\"@id\":\"https:\/\/hotel4youth.de\/it\/le-camere#breadcrumb\",\"itemListElement\":[{\"@type\":\"ListItem\",\"position\":1,\"name\":\"Startseite\",\"item\":\"https:\/\/hotel4youth.de\/it\"},{\"@type\":\"ListItem\",\"position\":2,\"name\":\"Le camere\"}]},{\"@type\":\"WebSite\",\"@id\":\"https:\/\/hotel4youth.de\/#website\",\"url\":\"https:\/\/hotel4youth.de\/\",\"name\":\"Hotel - H+ Hotel4 Youth Berlin - Am Mauerpark - Berlin Mitte\",\"description\":\"\",\"potentialAction\":[{\"@type\":\"SearchAction\",\"target\":{\"@type\":\"EntryPoint\",\"urlTemplate\":\"https:\/\/hotel4youth.de\/?s={search_term_string}\"},\"query-input\":{\"@type\":\"PropertyValueSpecification\",\"valueRequired\":true,\"valueName\":\"search_term_string\"}}],\"inLanguage\":\"it-IT\"}]}<\/script>\n<!-- \/ Yoast SEO plugin. -->","yoast_head_json":{"title":"Le camere - Hotel - H+ Hotel4 Youth Berlin - Am Mauerpark - Berlin Mitte","robots":{"index":"index","follow":"follow","max-snippet":"max-snippet:-1","max-image-preview":"max-image-preview:large","max-video-preview":"max-video-preview:-1"},"canonical":"https:\/\/hotel4youth.de\/it\/le-camere","og_locale":"it_IT","og_type":"article","og_title":"Le camere - Hotel - H+ Hotel4 Youth Berlin - Am Mauerpark - Berlin Mitte","og_description":"Le camere e le attrezzaturedi design combinato con funzionalit\u00e0Il concetto di interior design si rispecchia nella Berlino moderna ,rispettando le caratteristiche dell'habitat locale. La decorazione degli spazi come dalla hall \u00e8 composta dall'alternanza della fotografia moderna in sintonia con la prestigiosa arte antica tedesca. Non solo la posizione \u00e8 l'unica ragione per avere a Berlino [&hellip;]","og_url":"https:\/\/hotel4youth.de\/it\/le-camere","og_site_name":"Hotel - H+ Hotel4 Youth Berlin - Am Mauerpark - Berlin Mitte","article_modified_time":"2025-03-13T03:19:22+00:00","twitter_card":"summary_large_image","twitter_misc":{"Tempo di lettura stimato":"10 minuti"},"schema":{"@context":"https:\/\/schema.org","@graph":[{"@type":"WebPage","@id":"https:\/\/hotel4youth.de\/it\/le-camere","url":"https:\/\/hotel4youth.de\/it\/le-camere","name":"Le camere - Hotel - H+ Hotel4 Youth Berlin - Am Mauerpark - Berlin Mitte","isPartOf":{"@id":"https:\/\/hotel4youth.de\/#website"},"datePublished":"2020-08-18T14:56:55+00:00","dateModified":"2025-03-13T03:19:22+00:00","breadcrumb":{"@id":"https:\/\/hotel4youth.de\/it\/le-camere#breadcrumb"},"inLanguage":"it-IT","potentialAction":[{"@type":"ReadAction","target":["https:\/\/hotel4youth.de\/it\/le-camere"]}]},{"@type":"BreadcrumbList","@id":"https:\/\/hotel4youth.de\/it\/le-camere#breadcrumb","itemListElement":[{"@type":"ListItem","position":1,"name":"Startseite","item":"https:\/\/hotel4youth.de\/it"},{"@type":"ListItem","position":2,"name":"Le camere"}]},{"@type":"WebSite","@id":"https:\/\/hotel4youth.de\/#website","url":"https:\/\/hotel4youth.de\/","name":"Hotel - H+ Hotel4 Youth Berlin - Am Mauerpark - Berlin Mitte","description":"","potentialAction":[{"@type":"SearchAction","target":{"@type":"EntryPoint","urlTemplate":"https:\/\/hotel4youth.de\/?s={search_term_string}"},"query-input":{"@type":"PropertyValueSpecification","valueRequired":true,"valueName":"search_term_string"}}],"inLanguage":"it-IT"}]}},"_links":{"self":[{"href":"https:\/\/hotel4youth.de\/it\/wp-json\/wp\/v2\/pages\/2802","targetHints":{"allow":["GET"]}}],"collection":[{"href":"https:\/\/hotel4youth.de\/it\/wp-json\/wp\/v2\/pages"}],"about":[{"href":"https:\/\/hotel4youth.de\/it\/wp-json\/wp\/v2\/types\/page"}],"author":[{"embeddable":true,"href":"https:\/\/hotel4youth.de\/it\/wp-json\/wp\/v2\/users\/2"}],"replies":[{"embeddable":true,"href":"https:\/\/hotel4youth.de\/it\/wp-json\/wp\/v2\/comments?post=2802"}],"version-history":[{"count":9,"href":"https:\/\/hotel4youth.de\/it\/wp-json\/wp\/v2\/pages\/2802\/revisions"}],"predecessor-version":[{"id":4240,"href":"https:\/\/hotel4youth.de\/it\/wp-json\/wp\/v2\/pages\/2802\/revisions\/4240"}],"wp:attachment":[{"href":"https:\/\/hotel4youth.de\/it\/wp-json\/wp\/v2\/media?parent=2802"}],"curies":[{"name":"wp","href":"https:\/\/api.w.org\/{rel}","templated":true}]}}